{"id":14595,"date":"2022-12-05T16:29:41","date_gmt":"2022-12-05T15:29:41","guid":{"rendered":"https:\/\/bibliovaud.ch\/?post_type=tribe_events&#038;p=14595"},"modified":"2022-12-05T16:54:11","modified_gmt":"2022-12-05T15:54:11","slug":"chantier-geant-kapla","status":"publish","type":"tribe_events","link":"https:\/\/bibliovaud.ch\/?tribe_events=chantier-geant-kapla","title":{"rendered":"Chantier g\u00e9ant Kapla"},"content":{"rendered":"<a href=\"https:\/\/bibliovaud.ch\/?tribe_events=chantier-geant-kapla\"><img loading=\"lazy\" decoding=\"async\" width=\"170\" height=\"170\" src=\"https:\/\/bibliovaud.ch\/wp-content\/uploads\/Kapla-170x170.png\" class=\"alignleft post-theming-left wp-post-image\" alt=\"\" srcset=\"https:\/\/bibliovaud.ch\/wp-content\/uploads\/Kapla-170x170.png 170w, https:\/\/bibliovaud.ch\/wp-content\/uploads\/Kapla-100x100.png 100w\" sizes=\"auto, (max-width: 170px) 85vw, 170px\" \/><\/a>Rendez-vous aux Galeries du Rivage, Rue Louis-Meyer 4, \u00e0 Vevey\nAvec le Centre Kapla Lyon \/ Entr\u00e9e libre entre 10h et 18h\nUne journ\u00e9e qui va vous faire du bien ! 18\u2019000 planchettes de Kapla* d\u00e9barquent \u00e0 Vevey ! Qu\u2019importe votre \u00e2ge, que vous soyez seul.e ou en famille, venez construire votre ville id\u00e9ale et relever les d\u00e9fis qui vous seront lanc\u00e9s par le Centre Kapla Lyon.\u00a0\nUn chantier g\u00e9ant o\u00f9 des constructions collectives d\u00e9fient la loi de la gravit\u00e9. Un dragon na\u00eetra peut-\u00eatre parmi d&#8217;autres cr\u00e9ations \u00e9ph\u00e9m\u00e8res. Vous serez fier.\u00e8re.s et surpris.e.s de votre capacit\u00e9 \u00e0 ma\u00eetriser des constructions parfois complexes gr\u00e2ce [...]<div class=\"post-theming-cleared\"> <\/div>","protected":false},"excerpt":{"rendered":"<a href=\"https:\/\/bibliovaud.ch\/?tribe_events=chantier-geant-kapla\"><img width=\"170\" height=\"170\" src=\"https:\/\/bibliovaud.ch\/wp-content\/uploads\/Kapla-170x170.png\" class=\"alignleft post-theming-left wp-post-image\" alt=\"\" decoding=\"async\" loading=\"lazy\" srcset=\"https:\/\/bibliovaud.ch\/wp-content\/uploads\/Kapla-170x170.png 170w, https:\/\/bibliovaud.ch\/wp-content\/uploads\/Kapla-100x100.png 100w\" sizes=\"auto, (max-width: 170px) 85vw, 170px\" \/><\/a>Rendez-vous aux Galeries du Rivage, Rue Louis-Meyer 4, \u00e0 Vevey Avec le Centre Kapla Lyon \/ Entr\u00e9e libre entre 10h et 18h Une journ\u00e9e qui va vous faire du bien &hellip; Continuer la lecture de &laquo;&nbsp;Chantier g\u00e9ant Kapla&nbsp;&raquo;\n<div class=\"post-theming-cleared\"> <\/div>","protected":false},"author":10,"featured_media":14596,"template":"","meta":{"om_disable_all_campaigns":false,"_monsterinsights_skip_tracking":false,"_monsterinsights_sitenote_active":false,"_monsterinsights_sitenote_note":"","_monsterinsights_sitenote_category":0,"_tribe_events_status":"","_tribe_events_status_reason":"","footnotes":""},"tags":[],"tribe_events_cat":[364],"class_list":["post-14595","tribe_events","type-tribe_events","status-publish","has-post-thumbnail","hentry","tribe_events_cat-atelier","cat_atelier"],"aioseo_notices":[],"_links":{"self":[{"href":"https:\/\/bibliovaud.ch\/index.php?rest_route=\/wp\/v2\/tribe_events\/14595","targetHints":{"allow":["GET"]}}],"collection":[{"href":"https:\/\/bibliovaud.ch\/index.php?rest_route=\/wp\/v2\/tribe_events"}],"about":[{"href":"https:\/\/bibliovaud.ch\/index.php?rest_route=\/wp\/v2\/types\/tribe_events"}],"author":[{"embeddable":true,"href":"https:\/\/bibliovaud.ch\/index.php?rest_route=\/wp\/v2\/users\/10"}],"version-history":[{"count":2,"href":"https:\/\/bibliovaud.ch\/index.php?rest_route=\/wp\/v2\/tribe_events\/14595\/revisions"}],"predecessor-version":[{"id":14634,"href":"https:\/\/bibliovaud.ch\/index.php?rest_route=\/wp\/v2\/tribe_events\/14595\/revisions\/14634"}],"wp:featuredmedia":[{"embeddable":true,"href":"https:\/\/bibliovaud.ch\/index.php?rest_route=\/wp\/v2\/media\/14596"}],"wp:attachment":[{"href":"https:\/\/bibliovaud.ch\/index.php?rest_route=%2Fwp%2Fv2%2Fmedia&parent=14595"}],"wp:term":[{"taxonomy":"post_tag","embeddable":true,"href":"https:\/\/bibliovaud.ch\/index.php?rest_route=%2Fwp%2Fv2%2Ftags&post=14595"},{"taxonomy":"tribe_events_cat","embeddable":true,"href":"https:\/\/bibliovaud.ch\/index.php?rest_route=%2Fwp%2Fv2%2Ftribe_events_cat&post=14595"}],"curies":[{"name":"wp","href":"https:\/\/api.w.org\/{rel}","templated":true}]}}