{"id":14599,"date":"2022-12-05T16:31:57","date_gmt":"2022-12-05T15:31:57","guid":{"rendered":"https:\/\/bibliovaud.ch\/?post_type=tribe_events&#038;p=14599"},"modified":"2022-12-05T16:31:57","modified_gmt":"2022-12-05T15:31:57","slug":"je-jardine-bio-3","status":"publish","type":"tribe_events","link":"https:\/\/bibliovaud.ch\/?tribe_events=je-jardine-bio-3","title":{"rendered":"Je jardine bio"},"content":{"rendered":"<a href=\"https:\/\/bibliovaud.ch\/?tribe_events=je-jardine-bio-3\"><img loading=\"lazy\" decoding=\"async\" width=\"170\" height=\"170\" src=\"https:\/\/bibliovaud.ch\/wp-content\/uploads\/JardinBio-170x170.png\" class=\"alignleft post-theming-left wp-post-image\" alt=\"\" srcset=\"https:\/\/bibliovaud.ch\/wp-content\/uploads\/JardinBio-170x170.png 170w, https:\/\/bibliovaud.ch\/wp-content\/uploads\/JardinBio-100x100.png 100w\" sizes=\"auto, (max-width: 170px) 85vw, 170px\" \/><\/a>Avec Christian Anglada \/ Entr\u00e9e libre sur inscription via me**************@***ey.ch\nAvec l\u2019arriv\u00e9e du printemps, la terre et la vie se r\u00e9veillent. C\u2019est le moment id\u00e9al pour d\u00e9couvrir autour du jardinage la richesse de la biodiversit\u00e9 et l\u2019importance des enjeux climatiques.\nNous aborderons les diff\u00e9rentes \u00e9tapes de r\u00e9alisation d\u2019un jardin bio et son entretien au fil des saisons : de la pr\u00e9paration de la terre au plan du jardin, du choix des graines aux plantations, du soin des cultures \u00e0 leurs r\u00e9coltes.\nNous travaillerons directement dans le jardin bio de la Biblioth\u00e8que et du Caf\u00e9 litt\u00e9raire, tout en faisant le lien entre le jardin [...]<div class=\"post-theming-cleared\"> <\/div>","protected":false},"excerpt":{"rendered":"<a href=\"https:\/\/bibliovaud.ch\/?tribe_events=je-jardine-bio-3\"><img width=\"170\" height=\"170\" src=\"https:\/\/bibliovaud.ch\/wp-content\/uploads\/JardinBio-170x170.png\" class=\"alignleft post-theming-left wp-post-image\" alt=\"\" decoding=\"async\" loading=\"lazy\" srcset=\"https:\/\/bibliovaud.ch\/wp-content\/uploads\/JardinBio-170x170.png 170w, https:\/\/bibliovaud.ch\/wp-content\/uploads\/JardinBio-100x100.png 100w\" sizes=\"auto, (max-width: 170px) 85vw, 170px\" \/><\/a>Avec Christian Anglada \/ Entr\u00e9e libre sur inscription via me**************@***ey.ch Avec l\u2019arriv\u00e9e du printemps, la terre et la vie se r\u00e9veillent. C\u2019est le moment id\u00e9al pour d\u00e9couvrir autour du jardinage &hellip; Continuer la lecture de &laquo;&nbsp;Je jardine bio&nbsp;&raquo;\n<div class=\"post-theming-cleared\"> <\/div>","protected":false},"author":10,"featured_media":14600,"template":"","meta":{"om_disable_all_campaigns":false,"_monsterinsights_skip_tracking":false,"_monsterinsights_sitenote_active":false,"_monsterinsights_sitenote_note":"","_monsterinsights_sitenote_category":0,"_tribe_events_status":"","_tribe_events_status_reason":"","footnotes":""},"tags":[],"tribe_events_cat":[364],"class_list":["post-14599","tribe_events","type-tribe_events","status-publish","has-post-thumbnail","hentry","tribe_events_cat-atelier","cat_atelier"],"aioseo_notices":[],"_links":{"self":[{"href":"https:\/\/bibliovaud.ch\/index.php?rest_route=\/wp\/v2\/tribe_events\/14599","targetHints":{"allow":["GET"]}}],"collection":[{"href":"https:\/\/bibliovaud.ch\/index.php?rest_route=\/wp\/v2\/tribe_events"}],"about":[{"href":"https:\/\/bibliovaud.ch\/index.php?rest_route=\/wp\/v2\/types\/tribe_events"}],"author":[{"embeddable":true,"href":"https:\/\/bibliovaud.ch\/index.php?rest_route=\/wp\/v2\/users\/10"}],"version-history":[{"count":1,"href":"https:\/\/bibliovaud.ch\/index.php?rest_route=\/wp\/v2\/tribe_events\/14599\/revisions"}],"predecessor-version":[{"id":14601,"href":"https:\/\/bibliovaud.ch\/index.php?rest_route=\/wp\/v2\/tribe_events\/14599\/revisions\/14601"}],"wp:featuredmedia":[{"embeddable":true,"href":"https:\/\/bibliovaud.ch\/index.php?rest_route=\/wp\/v2\/media\/14600"}],"wp:attachment":[{"href":"https:\/\/bibliovaud.ch\/index.php?rest_route=%2Fwp%2Fv2%2Fmedia&parent=14599"}],"wp:term":[{"taxonomy":"post_tag","embeddable":true,"href":"https:\/\/bibliovaud.ch\/index.php?rest_route=%2Fwp%2Fv2%2Ftags&post=14599"},{"taxonomy":"tribe_events_cat","embeddable":true,"href":"https:\/\/bibliovaud.ch\/index.php?rest_route=%2Fwp%2Fv2%2Ftribe_events_cat&post=14599"}],"curies":[{"name":"wp","href":"https:\/\/api.w.org\/{rel}","templated":true}]}}