{"id":14650,"date":"2022-12-06T09:59:50","date_gmt":"2022-12-06T08:59:50","guid":{"rendered":"https:\/\/bibliovaud.ch\/?post_type=tribe_events&#038;p=14650"},"modified":"2022-12-06T09:59:50","modified_gmt":"2022-12-06T08:59:50","slug":"la-familiomedie","status":"publish","type":"tribe_events","link":"https:\/\/bibliovaud.ch\/?tribe_events=la-familiomedie","title":{"rendered":"La Familiom\u00e9die"},"content":{"rendered":"<a href=\"https:\/\/bibliovaud.ch\/?tribe_events=la-familiomedie\"><img loading=\"lazy\" decoding=\"async\" width=\"170\" height=\"170\" src=\"https:\/\/bibliovaud.ch\/wp-content\/uploads\/vignettes-evenements-20222023-170x170.jpg\" class=\"alignleft post-theming-left wp-post-image\" alt=\"\" srcset=\"https:\/\/bibliovaud.ch\/wp-content\/uploads\/vignettes-evenements-20222023-170x170.jpg 170w, https:\/\/bibliovaud.ch\/wp-content\/uploads\/vignettes-evenements-20222023-100x100.jpg 100w\" sizes=\"auto, (max-width: 170px) 85vw, 170px\" \/><\/a>16h &#8211; 17h\nAvec La Com\u00e9die Musicale Improvis\u00e9e\nTout public d\u00e8s 7 ans\nUn conte musical jeune public enti\u00e8rement improvis\u00e9 \u00e0 partir des suggestions des enfants\u00a0! Quelques touches de Walt Disney, deux ou trois bidules \u00e9chapp\u00e9s d\u2019un Pixar, un peu de Tim Burton et de la folie pianistique : d\u00e9couvrez un conte musical improvis\u00e9 o\u00f9 les enfants ont leur mot \u00e0 dire et leur refrain \u00e0 chanter !\n&nbsp;\n<div class=\"post-theming-cleared\"> <\/div>","protected":false},"excerpt":{"rendered":"<a href=\"https:\/\/bibliovaud.ch\/?tribe_events=la-familiomedie\"><img width=\"170\" height=\"170\" src=\"https:\/\/bibliovaud.ch\/wp-content\/uploads\/vignettes-evenements-20222023-170x170.jpg\" class=\"alignleft post-theming-left wp-post-image\" alt=\"\" decoding=\"async\" loading=\"lazy\" srcset=\"https:\/\/bibliovaud.ch\/wp-content\/uploads\/vignettes-evenements-20222023-170x170.jpg 170w, https:\/\/bibliovaud.ch\/wp-content\/uploads\/vignettes-evenements-20222023-100x100.jpg 100w\" sizes=\"auto, (max-width: 170px) 85vw, 170px\" \/><\/a>16h &#8211; 17h Avec La Com\u00e9die Musicale Improvis\u00e9e Tout public d\u00e8s 7 ans Un conte musical jeune public enti\u00e8rement improvis\u00e9 \u00e0 partir des suggestions des enfants\u00a0! Quelques touches de Walt &hellip; Continuer la lecture de &laquo;&nbsp;La Familiom\u00e9die&nbsp;&raquo;\n<div class=\"post-theming-cleared\"> <\/div>","protected":false},"author":10,"featured_media":14636,"template":"","meta":{"om_disable_all_campaigns":false,"_monsterinsights_skip_tracking":false,"_monsterinsights_sitenote_active":false,"_monsterinsights_sitenote_note":"","_monsterinsights_sitenote_category":0,"_tribe_events_status":"","_tribe_events_status_reason":"","footnotes":""},"tags":[],"tribe_events_cat":[510,366,507],"class_list":["post-14650","tribe_events","type-tribe_events","status-publish","has-post-thumbnail","hentry","tribe_events_cat-biblioweekend","tribe_events_cat-evenement","tribe_events_cat-spectacle","cat_biblioweekend","cat_evenement","cat_spectacle"],"aioseo_notices":[],"_links":{"self":[{"href":"https:\/\/bibliovaud.ch\/index.php?rest_route=\/wp\/v2\/tribe_events\/14650","targetHints":{"allow":["GET"]}}],"collection":[{"href":"https:\/\/bibliovaud.ch\/index.php?rest_route=\/wp\/v2\/tribe_events"}],"about":[{"href":"https:\/\/bibliovaud.ch\/index.php?rest_route=\/wp\/v2\/types\/tribe_events"}],"author":[{"embeddable":true,"href":"https:\/\/bibliovaud.ch\/index.php?rest_route=\/wp\/v2\/users\/10"}],"version-history":[{"count":1,"href":"https:\/\/bibliovaud.ch\/index.php?rest_route=\/wp\/v2\/tribe_events\/14650\/revisions"}],"predecessor-version":[{"id":14651,"href":"https:\/\/bibliovaud.ch\/index.php?rest_route=\/wp\/v2\/tribe_events\/14650\/revisions\/14651"}],"wp:featuredmedia":[{"embeddable":true,"href":"https:\/\/bibliovaud.ch\/index.php?rest_route=\/wp\/v2\/media\/14636"}],"wp:attachment":[{"href":"https:\/\/bibliovaud.ch\/index.php?rest_route=%2Fwp%2Fv2%2Fmedia&parent=14650"}],"wp:term":[{"taxonomy":"post_tag","embeddable":true,"href":"https:\/\/bibliovaud.ch\/index.php?rest_route=%2Fwp%2Fv2%2Ftags&post=14650"},{"taxonomy":"tribe_events_cat","embeddable":true,"href":"https:\/\/bibliovaud.ch\/index.php?rest_route=%2Fwp%2Fv2%2Ftribe_events_cat&post=14650"}],"curies":[{"name":"wp","href":"https:\/\/api.w.org\/{rel}","templated":true}]}}