{"id":14723,"date":"2023-02-01T09:39:24","date_gmt":"2023-02-01T08:39:24","guid":{"rendered":"https:\/\/bibliovaud.ch\/?post_type=tribe_events&#038;p=14723"},"modified":"2023-02-01T09:39:24","modified_gmt":"2023-02-01T08:39:24","slug":"festival-histoire-cite-la-nuee-de-just-philippot","status":"publish","type":"tribe_events","link":"https:\/\/bibliovaud.ch\/?tribe_events=festival-histoire-cite-la-nuee-de-just-philippot","title":{"rendered":"Festival Histoire &amp; Cit\u00e9: \u00ab La Nu\u00e9e \u00bb de Just Philippot"},"content":{"rendered":" La Nu\u00e9e_ \u00a9 Capricci Production &#8211; The Jokers Films &#8211; ARTE France Cin\u00e9ma &#8211; Auvergne-Rh\u00f4ne-Alpes Cin\u00e9ma\nProjection &amp; d\u00e9gustation\nUn film fantastico-angoissant sur des sauterelles mutantes\nAgricultrice, Virginie \u00e9l\u00e8ve seule ses enfants apr\u00e8s le d\u00e9c\u00e8s de son mari. Pour sauver son exploitation, elle mise sur l\u2019\u00e9levage de sauterelles comestibles. Malgr\u00e9 un travail acharn\u00e9, les sauterelles ne se d\u00e9veloppent pas comme pr\u00e9vu. Un jour, par hasard, elle trouve un moyen inattendu pour accro\u00eetre sa production. Un lien \u00e9trange et organique se tisse d\u00e8s lors entre les insectes et Virginie, bouleversant le fragile \u00e9quilibre de la famille.\nRencontre avec Jean-Yves Cuendet, patron [...]<div class=\"post-theming-cleared\"> <\/div>","protected":false},"excerpt":{"rendered":"Projection &amp; d\u00e9gustation Un film fantastico-angoissant sur des sauterelles mutantes Agricultrice, Virginie \u00e9l\u00e8ve seule ses enfants apr\u00e8s le d\u00e9c\u00e8s de son mari. Pour sauver son exploitation, elle mise sur l\u2019\u00e9levage &hellip; Continuer la lecture de &laquo;&nbsp;Festival Histoire &amp; Cit\u00e9: \u00ab La Nu\u00e9e \u00bb de Just Philippot&nbsp;&raquo;\n<div class=\"post-theming-cleared\"> <\/div>","protected":false},"author":56,"featured_media":0,"template":"","meta":{"om_disable_all_campaigns":false,"_monsterinsights_skip_tracking":false,"_monsterinsights_sitenote_active":false,"_monsterinsights_sitenote_note":"","_monsterinsights_sitenote_category":0,"_tribe_events_status":"","_tribe_events_status_reason":"","footnotes":""},"tags":[],"tribe_events_cat":[366,367],"class_list":["post-14723","tribe_events","type-tribe_events","status-publish","hentry","tribe_events_cat-evenement","tribe_events_cat-projection-de-film","cat_evenement","cat_projection-de-film"],"aioseo_notices":[],"_links":{"self":[{"href":"https:\/\/bibliovaud.ch\/index.php?rest_route=\/wp\/v2\/tribe_events\/14723","targetHints":{"allow":["GET"]}}],"collection":[{"href":"https:\/\/bibliovaud.ch\/index.php?rest_route=\/wp\/v2\/tribe_events"}],"about":[{"href":"https:\/\/bibliovaud.ch\/index.php?rest_route=\/wp\/v2\/types\/tribe_events"}],"author":[{"embeddable":true,"href":"https:\/\/bibliovaud.ch\/index.php?rest_route=\/wp\/v2\/users\/56"}],"version-history":[{"count":1,"href":"https:\/\/bibliovaud.ch\/index.php?rest_route=\/wp\/v2\/tribe_events\/14723\/revisions"}],"predecessor-version":[{"id":14725,"href":"https:\/\/bibliovaud.ch\/index.php?rest_route=\/wp\/v2\/tribe_events\/14723\/revisions\/14725"}],"wp:attachment":[{"href":"https:\/\/bibliovaud.ch\/index.php?rest_route=%2Fwp%2Fv2%2Fmedia&parent=14723"}],"wp:term":[{"taxonomy":"post_tag","embeddable":true,"href":"https:\/\/bibliovaud.ch\/index.php?rest_route=%2Fwp%2Fv2%2Ftags&post=14723"},{"taxonomy":"tribe_events_cat","embeddable":true,"href":"https:\/\/bibliovaud.ch\/index.php?rest_route=%2Fwp%2Fv2%2Ftribe_events_cat&post=14723"}],"curies":[{"name":"wp","href":"https:\/\/api.w.org\/{rel}","templated":true}]}}