{"id":14820,"date":"2023-03-10T11:29:15","date_gmt":"2023-03-10T10:29:15","guid":{"rendered":"https:\/\/bibliovaud.ch\/?post_type=tribe_events&#038;p=14820"},"modified":"2023-03-10T11:33:51","modified_gmt":"2023-03-10T10:33:51","slug":"formation-quelle-place-en-bibliotheque-pour-les-voix-des-personnes-requerantes-dasile","status":"publish","type":"tribe_events","link":"https:\/\/bibliovaud.ch\/?tribe_events=formation-quelle-place-en-bibliotheque-pour-les-voix-des-personnes-requerantes-dasile","title":{"rendered":"formation : quelle place en biblioth\u00e8que pour les voix des personnes requ\u00e9rantes d\u2019asile?"},"content":{"rendered":"<a href=\"https:\/\/bibliovaud.ch\/?tribe_events=formation-quelle-place-en-bibliotheque-pour-les-voix-des-personnes-requerantes-dasile\"><img loading=\"lazy\" decoding=\"async\" width=\"170\" height=\"170\" src=\"https:\/\/bibliovaud.ch\/wp-content\/uploads\/insta-formation-reliefs-170x170.png\" class=\"alignleft post-theming-left wp-post-image\" alt=\"\" srcset=\"https:\/\/bibliovaud.ch\/wp-content\/uploads\/insta-formation-reliefs-170x170.png 170w, https:\/\/bibliovaud.ch\/wp-content\/uploads\/insta-formation-reliefs-300x300.png 300w, https:\/\/bibliovaud.ch\/wp-content\/uploads\/insta-formation-reliefs-100x100.png 100w, https:\/\/bibliovaud.ch\/wp-content\/uploads\/insta-formation-reliefs-768x768.png 768w, https:\/\/bibliovaud.ch\/wp-content\/uploads\/insta-formation-reliefs.png 1080w\" sizes=\"auto, (max-width: 170px) 85vw, 170px\" \/><\/a>\nVendredi 5 mai, de 13h30 \u00e0 17h30 \u00e0 Bibliomedia.\nLe Laboratoire des biblioth\u00e8ques de Bibliomedia propose une formation sur le th\u00e8me de l\u2019asile en Suisse du point de vue des personnes requ\u00e9rantes d\u2019asile. Au travers de l\u2019installation\u00a0Voi\u00b7es\u00b7x de r\u00e9sistance\u00a0et d\u2019un atelier cl\u00e9 en main, d\u00e9veloppez des outils pour aborder ce th\u00e8me de mani\u00e8re constructive avec les publics des biblioth\u00e8ques.\n\n\nVoi\u00b7es\u00b7x de r\u00e9sistance\u00a0comprend une installation sonore (casques d\u2019\u00e9coute) et un atelier participatif port\u00e9s par l\u2019association Reliefs.\nCette formation permet aux participant\u00b7e\u00b7s de :\n\nPrendre connaissance des d\u00e9marches qui incombent aux personnes d\u00e9posant une demande d\u2019asile en Suisse\nD\u00e9couvrir l\u2019installation\u00a0Voi\u00b7es\u00b7x de r\u00e9sistance\nComprendre de quelle mani\u00e8re accompagner l\u2019installation [...]<div class=\"post-theming-cleared\"> <\/div>","protected":false},"excerpt":{"rendered":"<a href=\"https:\/\/bibliovaud.ch\/?tribe_events=formation-quelle-place-en-bibliotheque-pour-les-voix-des-personnes-requerantes-dasile\"><img width=\"170\" height=\"170\" src=\"https:\/\/bibliovaud.ch\/wp-content\/uploads\/insta-formation-reliefs-170x170.png\" class=\"alignleft post-theming-left wp-post-image\" alt=\"\" decoding=\"async\" loading=\"lazy\" srcset=\"https:\/\/bibliovaud.ch\/wp-content\/uploads\/insta-formation-reliefs-170x170.png 170w, https:\/\/bibliovaud.ch\/wp-content\/uploads\/insta-formation-reliefs-300x300.png 300w, https:\/\/bibliovaud.ch\/wp-content\/uploads\/insta-formation-reliefs-100x100.png 100w, https:\/\/bibliovaud.ch\/wp-content\/uploads\/insta-formation-reliefs-768x768.png 768w, https:\/\/bibliovaud.ch\/wp-content\/uploads\/insta-formation-reliefs.png 1080w\" sizes=\"auto, (max-width: 170px) 85vw, 170px\" \/><\/a>Vendredi 5 mai, de 13h30 \u00e0 17h30 \u00e0 Bibliomedia. Le Laboratoire des biblioth\u00e8ques de Bibliomedia propose une formation sur le th\u00e8me de l\u2019asile en Suisse du point de vue des &hellip; Continuer la lecture de &laquo;&nbsp;formation : quelle place en biblioth\u00e8que pour les voix des personnes requ\u00e9rantes d\u2019asile?&nbsp;&raquo;\n<div class=\"post-theming-cleared\"> <\/div>","protected":false},"author":6,"featured_media":14821,"template":"","meta":{"om_disable_all_campaigns":false,"_monsterinsights_skip_tracking":false,"_monsterinsights_sitenote_active":false,"_monsterinsights_sitenote_note":"","_monsterinsights_sitenote_category":0,"_tribe_events_status":"","_tribe_events_status_reason":"","footnotes":""},"tags":[],"tribe_events_cat":[364,366],"class_list":["post-14820","tribe_events","type-tribe_events","status-publish","has-post-thumbnail","hentry","tribe_events_cat-atelier","tribe_events_cat-evenement","cat_atelier","cat_evenement"],"aioseo_notices":[],"_links":{"self":[{"href":"https:\/\/bibliovaud.ch\/index.php?rest_route=\/wp\/v2\/tribe_events\/14820","targetHints":{"allow":["GET"]}}],"collection":[{"href":"https:\/\/bibliovaud.ch\/index.php?rest_route=\/wp\/v2\/tribe_events"}],"about":[{"href":"https:\/\/bibliovaud.ch\/index.php?rest_route=\/wp\/v2\/types\/tribe_events"}],"author":[{"embeddable":true,"href":"https:\/\/bibliovaud.ch\/index.php?rest_route=\/wp\/v2\/users\/6"}],"version-history":[{"count":1,"href":"https:\/\/bibliovaud.ch\/index.php?rest_route=\/wp\/v2\/tribe_events\/14820\/revisions"}],"predecessor-version":[{"id":14822,"href":"https:\/\/bibliovaud.ch\/index.php?rest_route=\/wp\/v2\/tribe_events\/14820\/revisions\/14822"}],"wp:featuredmedia":[{"embeddable":true,"href":"https:\/\/bibliovaud.ch\/index.php?rest_route=\/wp\/v2\/media\/14821"}],"wp:attachment":[{"href":"https:\/\/bibliovaud.ch\/index.php?rest_route=%2Fwp%2Fv2%2Fmedia&parent=14820"}],"wp:term":[{"taxonomy":"post_tag","embeddable":true,"href":"https:\/\/bibliovaud.ch\/index.php?rest_route=%2Fwp%2Fv2%2Ftags&post=14820"},{"taxonomy":"tribe_events_cat","embeddable":true,"href":"https:\/\/bibliovaud.ch\/index.php?rest_route=%2Fwp%2Fv2%2Ftribe_events_cat&post=14820"}],"curies":[{"name":"wp","href":"https:\/\/api.w.org\/{rel}","templated":true}]}}