{"id":14826,"date":"2023-03-10T11:36:11","date_gmt":"2023-03-10T10:36:11","guid":{"rendered":"https:\/\/bibliovaud.ch\/?post_type=tribe_events&#038;p=14826"},"modified":"2023-03-10T11:36:11","modified_gmt":"2023-03-10T10:36:11","slug":"groupe-de-discussion-un-programme-dedie-aux-cultures-afro-descendantes-en-bibliotheque","status":"publish","type":"tribe_events","link":"https:\/\/bibliovaud.ch\/?tribe_events=groupe-de-discussion-un-programme-dedie-aux-cultures-afro-descendantes-en-bibliotheque","title":{"rendered":"Groupe de discussion : un programme d\u00e9di\u00e9 aux cultures afro-descendantes en biblioth\u00e8que"},"content":{"rendered":"\nNous vous proposons une discussion ouverte dans le cadre du\u00a0groupe de discussion m\u00e9diation culturelle et accueil des publics\u00a0qui aura lieu le mardi 27 juin 2023 de 10h30 \u00e0 12h.\n\n\nPr\u00e9sentation du programme d\u00e9di\u00e9 aux cultures afro-descendantes \u00ab\u00a0On n\u2019a plus votre temps\u00a0\u00bb de la Biblioth\u00e8que de Vevey par Myl\u00e8ne Badoux, responsable de la m\u00e9diation culturelle et Pamela Ohene-Nyako, fondatrice d\u2019Afrolitt.\nIl s\u2019agira notamment de se poser la question de comment visibiliser les cultures afro-descendantes dans les collections et les actions de m\u00e9diation quand une \u00e9quipe est compos\u00e9e uniquement ou en grande majorit\u00e9 de personnes blanches.\nLa rencontre est suivie d\u2019une discussion ouverte et d\u2019un [...]<div class=\"post-theming-cleared\"> <\/div>","protected":false},"excerpt":{"rendered":"Nous vous proposons une discussion ouverte dans le cadre du\u00a0groupe de discussion m\u00e9diation culturelle et accueil des publics\u00a0qui aura lieu le mardi 27 juin 2023 de 10h30 \u00e0 12h. Pr\u00e9sentation &hellip; Continuer la lecture de &laquo;&nbsp;Groupe de discussion : un programme d\u00e9di\u00e9 aux cultures afro-descendantes en biblioth\u00e8que&nbsp;&raquo;\n<div class=\"post-theming-cleared\"> <\/div>","protected":false},"author":6,"featured_media":0,"template":"","meta":{"om_disable_all_campaigns":false,"_monsterinsights_skip_tracking":false,"_monsterinsights_sitenote_active":false,"_monsterinsights_sitenote_note":"","_monsterinsights_sitenote_category":0,"_tribe_events_status":"","_tribe_events_status_reason":"","footnotes":""},"tags":[],"tribe_events_cat":[459,366],"class_list":["post-14826","tribe_events","type-tribe_events","status-publish","hentry","tribe_events_cat-conference","tribe_events_cat-evenement","cat_conference","cat_evenement"],"aioseo_notices":[],"_links":{"self":[{"href":"https:\/\/bibliovaud.ch\/index.php?rest_route=\/wp\/v2\/tribe_events\/14826","targetHints":{"allow":["GET"]}}],"collection":[{"href":"https:\/\/bibliovaud.ch\/index.php?rest_route=\/wp\/v2\/tribe_events"}],"about":[{"href":"https:\/\/bibliovaud.ch\/index.php?rest_route=\/wp\/v2\/types\/tribe_events"}],"author":[{"embeddable":true,"href":"https:\/\/bibliovaud.ch\/index.php?rest_route=\/wp\/v2\/users\/6"}],"version-history":[{"count":1,"href":"https:\/\/bibliovaud.ch\/index.php?rest_route=\/wp\/v2\/tribe_events\/14826\/revisions"}],"predecessor-version":[{"id":14827,"href":"https:\/\/bibliovaud.ch\/index.php?rest_route=\/wp\/v2\/tribe_events\/14826\/revisions\/14827"}],"wp:attachment":[{"href":"https:\/\/bibliovaud.ch\/index.php?rest_route=%2Fwp%2Fv2%2Fmedia&parent=14826"}],"wp:term":[{"taxonomy":"post_tag","embeddable":true,"href":"https:\/\/bibliovaud.ch\/index.php?rest_route=%2Fwp%2Fv2%2Ftags&post=14826"},{"taxonomy":"tribe_events_cat","embeddable":true,"href":"https:\/\/bibliovaud.ch\/index.php?rest_route=%2Fwp%2Fv2%2Ftribe_events_cat&post=14826"}],"curies":[{"name":"wp","href":"https:\/\/api.w.org\/{rel}","templated":true}]}}