{"id":14850,"date":"2023-06-05T15:15:19","date_gmt":"2023-06-05T13:15:19","guid":{"rendered":"https:\/\/bibliovaud.ch\/?post_type=tribe_events&#038;p=14850"},"modified":"2023-06-05T15:15:19","modified_gmt":"2023-06-05T13:15:19","slug":"45-min-le-droit-du-logement","status":"publish","type":"tribe_events","link":"https:\/\/bibliovaud.ch\/?tribe_events=45-min-le-droit-du-logement","title":{"rendered":"-45 min : le droit du logement"},"content":{"rendered":"<a href=\"https:\/\/bibliovaud.ch\/?tribe_events=45-min-le-droit-du-logement\"><img loading=\"lazy\" decoding=\"async\" width=\"170\" height=\"170\" src=\"https:\/\/bibliovaud.ch\/wp-content\/uploads\/21-170x170.jpg\" class=\"alignleft post-theming-left wp-post-image\" alt=\"\" srcset=\"https:\/\/bibliovaud.ch\/wp-content\/uploads\/21-170x170.jpg 170w, https:\/\/bibliovaud.ch\/wp-content\/uploads\/21-100x100.jpg 100w\" sizes=\"auto, (max-width: 170px) 85vw, 170px\" \/><\/a>12h15-13h\nAvec Isabelle Dubois, consultante de l\u2019ASLOCA Vevey\nEn Suisse, et particuli\u00e8rement dans le canton de Vaud, la majorit\u00e9 des personnes sont locataires de leur logement. Or, leurs droits ne sont pas toujours clairs, ni connus.\u00a0\nCe rendez-vous -45 min donnera des conseils pratiques et des bonnes choses \u00e0 savoir lorsque l&#8217;on cherche un logement, pose un dossier, emm\u00e9nage, ou rencontre des probl\u00e8mes dans son appartement ou maison lou\u00e9.\u00a0\nL\u2019ASLOCA (Association suisse des locataires) est une association qui a pour objectifs d\u2019informer les locataires sur leurs droits et de d\u00e9fendre leurs int\u00e9r\u00eats. \n<div class=\"post-theming-cleared\"> <\/div>","protected":false},"excerpt":{"rendered":"<a href=\"https:\/\/bibliovaud.ch\/?tribe_events=45-min-le-droit-du-logement\"><img width=\"170\" height=\"170\" src=\"https:\/\/bibliovaud.ch\/wp-content\/uploads\/21-170x170.jpg\" class=\"alignleft post-theming-left wp-post-image\" alt=\"\" decoding=\"async\" loading=\"lazy\" srcset=\"https:\/\/bibliovaud.ch\/wp-content\/uploads\/21-170x170.jpg 170w, https:\/\/bibliovaud.ch\/wp-content\/uploads\/21-100x100.jpg 100w\" sizes=\"auto, (max-width: 170px) 85vw, 170px\" \/><\/a>12h15-13h Avec Isabelle Dubois, consultante de l\u2019ASLOCA Vevey En Suisse, et particuli\u00e8rement dans le canton de Vaud, la majorit\u00e9 des personnes sont locataires de leur logement. Or, leurs droits ne &hellip; Continuer la lecture de &laquo;&nbsp;-45 min : le droit du logement&nbsp;&raquo;\n<div class=\"post-theming-cleared\"> <\/div>","protected":false},"author":10,"featured_media":14851,"template":"","meta":{"om_disable_all_campaigns":false,"_monsterinsights_skip_tracking":false,"_monsterinsights_sitenote_active":false,"_monsterinsights_sitenote_note":"","_monsterinsights_sitenote_category":0,"_tribe_events_status":"","_tribe_events_status_reason":"","footnotes":""},"tags":[],"tribe_events_cat":[364,459],"class_list":["post-14850","tribe_events","type-tribe_events","status-publish","has-post-thumbnail","hentry","tribe_events_cat-atelier","tribe_events_cat-conference","cat_atelier","cat_conference"],"aioseo_notices":[],"_links":{"self":[{"href":"https:\/\/bibliovaud.ch\/index.php?rest_route=\/wp\/v2\/tribe_events\/14850","targetHints":{"allow":["GET"]}}],"collection":[{"href":"https:\/\/bibliovaud.ch\/index.php?rest_route=\/wp\/v2\/tribe_events"}],"about":[{"href":"https:\/\/bibliovaud.ch\/index.php?rest_route=\/wp\/v2\/types\/tribe_events"}],"author":[{"embeddable":true,"href":"https:\/\/bibliovaud.ch\/index.php?rest_route=\/wp\/v2\/users\/10"}],"version-history":[{"count":1,"href":"https:\/\/bibliovaud.ch\/index.php?rest_route=\/wp\/v2\/tribe_events\/14850\/revisions"}],"predecessor-version":[{"id":14852,"href":"https:\/\/bibliovaud.ch\/index.php?rest_route=\/wp\/v2\/tribe_events\/14850\/revisions\/14852"}],"wp:featuredmedia":[{"embeddable":true,"href":"https:\/\/bibliovaud.ch\/index.php?rest_route=\/wp\/v2\/media\/14851"}],"wp:attachment":[{"href":"https:\/\/bibliovaud.ch\/index.php?rest_route=%2Fwp%2Fv2%2Fmedia&parent=14850"}],"wp:term":[{"taxonomy":"post_tag","embeddable":true,"href":"https:\/\/bibliovaud.ch\/index.php?rest_route=%2Fwp%2Fv2%2Ftags&post=14850"},{"taxonomy":"tribe_events_cat","embeddable":true,"href":"https:\/\/bibliovaud.ch\/index.php?rest_route=%2Fwp%2Fv2%2Ftribe_events_cat&post=14850"}],"curies":[{"name":"wp","href":"https:\/\/api.w.org\/{rel}","templated":true}]}}