{"id":14863,"date":"2023-06-05T15:28:38","date_gmt":"2023-06-05T13:28:38","guid":{"rendered":"https:\/\/bibliovaud.ch\/?post_type=tribe_events&#038;p=14863"},"modified":"2023-06-05T15:28:38","modified_gmt":"2023-06-05T13:28:38","slug":"rentree-litteraire-les-coups-de-coeur-de-vevey","status":"publish","type":"tribe_events","link":"https:\/\/bibliovaud.ch\/?tribe_events=rentree-litteraire-les-coups-de-coeur-de-vevey","title":{"rendered":"Rentr\u00e9e litt\u00e9raire : les coups de c\u0153ur de Vevey !"},"content":{"rendered":"<a href=\"https:\/\/bibliovaud.ch\/?tribe_events=rentree-litteraire-les-coups-de-coeur-de-vevey\"><img loading=\"lazy\" decoding=\"async\" width=\"170\" height=\"170\" src=\"https:\/\/bibliovaud.ch\/wp-content\/uploads\/18-170x170.png\" class=\"alignleft post-theming-left wp-post-image\" alt=\"\" srcset=\"https:\/\/bibliovaud.ch\/wp-content\/uploads\/18-170x170.png 170w, https:\/\/bibliovaud.ch\/wp-content\/uploads\/18-100x100.png 100w\" sizes=\"auto, (max-width: 170px) 85vw, 170px\" \/><\/a>Avec la collaboration de Payot &#8211; Vevey et La Fontaine \nLa rentr\u00e9e litt\u00e9raire est une dr\u00f4le de tradition. Chaque ann\u00e9e, entre ao\u00fbt et septembre, des centaines de nouveaux livres d\u00e9barquent sur les \u00e9tag\u00e8res. Tr\u00e8s souvent, la presse met en avant les m\u00eames auteurs et autrices. Pas facile de se rep\u00e9rer dans cette jungle de nouveaux titres !\u00a0\nLes librairies veveysannes et la Biblio vous proposent une soir\u00e9e sp\u00e9ciale, en toute d\u00e9tente, d\u00e9di\u00e9e au rep\u00e9rage de p\u00e9pites. D\u00e9couvrez leurs conseils et n\u2019h\u00e9sitez pas \u00e0 partager les v\u00f4tres ! \n<div class=\"post-theming-cleared\"> <\/div>","protected":false},"excerpt":{"rendered":"<a href=\"https:\/\/bibliovaud.ch\/?tribe_events=rentree-litteraire-les-coups-de-coeur-de-vevey\"><img width=\"170\" height=\"170\" src=\"https:\/\/bibliovaud.ch\/wp-content\/uploads\/18-170x170.png\" class=\"alignleft post-theming-left wp-post-image\" alt=\"\" decoding=\"async\" loading=\"lazy\" srcset=\"https:\/\/bibliovaud.ch\/wp-content\/uploads\/18-170x170.png 170w, https:\/\/bibliovaud.ch\/wp-content\/uploads\/18-100x100.png 100w\" sizes=\"auto, (max-width: 170px) 85vw, 170px\" \/><\/a>Avec la collaboration de Payot &#8211; Vevey et La Fontaine La rentr\u00e9e litt\u00e9raire est une dr\u00f4le de tradition. Chaque ann\u00e9e, entre ao\u00fbt et septembre, des centaines de nouveaux livres d\u00e9barquent &hellip; Continuer la lecture de &laquo;&nbsp;Rentr\u00e9e litt\u00e9raire : les coups de c\u0153ur de Vevey !&nbsp;&raquo;\n<div class=\"post-theming-cleared\"> <\/div>","protected":false},"author":10,"featured_media":14864,"template":"","meta":{"om_disable_all_campaigns":false,"_monsterinsights_skip_tracking":false,"_monsterinsights_sitenote_active":false,"_monsterinsights_sitenote_note":"","_monsterinsights_sitenote_category":0,"_tribe_events_status":"","_tribe_events_status_reason":"","footnotes":""},"tags":[],"tribe_events_cat":[369],"class_list":["post-14863","tribe_events","type-tribe_events","status-publish","has-post-thumbnail","hentry","tribe_events_cat-club-de-culture","cat_club-de-culture"],"aioseo_notices":[],"_links":{"self":[{"href":"https:\/\/bibliovaud.ch\/index.php?rest_route=\/wp\/v2\/tribe_events\/14863","targetHints":{"allow":["GET"]}}],"collection":[{"href":"https:\/\/bibliovaud.ch\/index.php?rest_route=\/wp\/v2\/tribe_events"}],"about":[{"href":"https:\/\/bibliovaud.ch\/index.php?rest_route=\/wp\/v2\/types\/tribe_events"}],"author":[{"embeddable":true,"href":"https:\/\/bibliovaud.ch\/index.php?rest_route=\/wp\/v2\/users\/10"}],"version-history":[{"count":1,"href":"https:\/\/bibliovaud.ch\/index.php?rest_route=\/wp\/v2\/tribe_events\/14863\/revisions"}],"predecessor-version":[{"id":14865,"href":"https:\/\/bibliovaud.ch\/index.php?rest_route=\/wp\/v2\/tribe_events\/14863\/revisions\/14865"}],"wp:featuredmedia":[{"embeddable":true,"href":"https:\/\/bibliovaud.ch\/index.php?rest_route=\/wp\/v2\/media\/14864"}],"wp:attachment":[{"href":"https:\/\/bibliovaud.ch\/index.php?rest_route=%2Fwp%2Fv2%2Fmedia&parent=14863"}],"wp:term":[{"taxonomy":"post_tag","embeddable":true,"href":"https:\/\/bibliovaud.ch\/index.php?rest_route=%2Fwp%2Fv2%2Ftags&post=14863"},{"taxonomy":"tribe_events_cat","embeddable":true,"href":"https:\/\/bibliovaud.ch\/index.php?rest_route=%2Fwp%2Fv2%2Ftribe_events_cat&post=14863"}],"curies":[{"name":"wp","href":"https:\/\/api.w.org\/{rel}","templated":true}]}}