{"id":15452,"date":"2024-04-22T14:23:26","date_gmt":"2024-04-22T12:23:26","guid":{"rendered":"https:\/\/bibliovaud.ch\/?post_type=tribe_events&#038;p=15452"},"modified":"2024-04-22T14:23:26","modified_gmt":"2024-04-22T12:23:26","slug":"rencontre-avec-neige-sinno","status":"publish","type":"tribe_events","link":"https:\/\/bibliovaud.ch\/?tribe_events=rencontre-avec-neige-sinno","title":{"rendered":"Rencontre avec Neige Sinno"},"content":{"rendered":"\n Portrait of Neige Sinno 20\/06\/2023 \u00a9Helene Bamberger\/opale.photo\nChoix Goncourt de la Suisse 2023\nEntre 7 et 14 ans, la petite Neige est viol\u00e9e r\u00e9guli\u00e8rement par son beau-p\u00e8re. La famille recompos\u00e9e vit dans les Alpes, dans les ann\u00e9es 90, et m\u00e8ne une vie de boh\u00e8me un peu marginale. En 2000, Neige et sa m\u00e8re portent plainte et l\u2019homme est condamn\u00e9, au terme d\u2019un proc\u00e8s, \u00e0 neuf ans de r\u00e9clusion. Des ann\u00e9es plus tard, Neige Sinno livre un r\u00e9cit d\u00e9chirant sur ce qui lui est arriv\u00e9: Triste tigre. Sans pathos, sans plainte. Elle tente de d\u00e9goupiller litt\u00e9ralement ce qu\u2019elle appelle [...]<div class=\"post-theming-cleared\"> <\/div>","protected":false},"excerpt":{"rendered":"Choix Goncourt de la Suisse 2023 Entre 7 et 14 ans, la petite Neige est viol\u00e9e r\u00e9guli\u00e8rement par son beau-p\u00e8re. La famille recompos\u00e9e vit dans les Alpes, dans les ann\u00e9es &hellip; Continuer la lecture de &laquo;&nbsp;Rencontre avec Neige Sinno&nbsp;&raquo;\n<div class=\"post-theming-cleared\"> <\/div>","protected":false},"author":56,"featured_media":0,"template":"","meta":{"om_disable_all_campaigns":false,"_monsterinsights_skip_tracking":false,"_monsterinsights_sitenote_active":false,"_monsterinsights_sitenote_note":"","_monsterinsights_sitenote_category":0,"_tribe_events_status":"","_tribe_events_status_reason":"","footnotes":""},"tags":[],"tribe_events_cat":[459,520],"class_list":["post-15452","tribe_events","type-tribe_events","status-publish","hentry","tribe_events_cat-conference","tribe_events_cat-rencontre","cat_conference","cat_rencontre"],"aioseo_notices":[],"_links":{"self":[{"href":"https:\/\/bibliovaud.ch\/index.php?rest_route=\/wp\/v2\/tribe_events\/15452","targetHints":{"allow":["GET"]}}],"collection":[{"href":"https:\/\/bibliovaud.ch\/index.php?rest_route=\/wp\/v2\/tribe_events"}],"about":[{"href":"https:\/\/bibliovaud.ch\/index.php?rest_route=\/wp\/v2\/types\/tribe_events"}],"author":[{"embeddable":true,"href":"https:\/\/bibliovaud.ch\/index.php?rest_route=\/wp\/v2\/users\/56"}],"version-history":[{"count":1,"href":"https:\/\/bibliovaud.ch\/index.php?rest_route=\/wp\/v2\/tribe_events\/15452\/revisions"}],"predecessor-version":[{"id":15455,"href":"https:\/\/bibliovaud.ch\/index.php?rest_route=\/wp\/v2\/tribe_events\/15452\/revisions\/15455"}],"wp:attachment":[{"href":"https:\/\/bibliovaud.ch\/index.php?rest_route=%2Fwp%2Fv2%2Fmedia&parent=15452"}],"wp:term":[{"taxonomy":"post_tag","embeddable":true,"href":"https:\/\/bibliovaud.ch\/index.php?rest_route=%2Fwp%2Fv2%2Ftags&post=15452"},{"taxonomy":"tribe_events_cat","embeddable":true,"href":"https:\/\/bibliovaud.ch\/index.php?rest_route=%2Fwp%2Fv2%2Ftribe_events_cat&post=15452"}],"curies":[{"name":"wp","href":"https:\/\/api.w.org\/{rel}","templated":true}]}}