{"id":15716,"date":"2024-12-10T16:51:15","date_gmt":"2024-12-10T15:51:15","guid":{"rendered":"https:\/\/bibliovaud.ch\/?post_type=tribe_events&#038;p=15716"},"modified":"2024-12-10T16:51:15","modified_gmt":"2024-12-10T15:51:15","slug":"bebe-a-la-page-20","status":"publish","type":"tribe_events","link":"https:\/\/bibliovaud.ch\/?tribe_events=bebe-a-la-page-20","title":{"rendered":"B\u00e9b\u00e9 \u00e0 la page"},"content":{"rendered":"<a href=\"https:\/\/bibliovaud.ch\/?tribe_events=bebe-a-la-page-20\"><img loading=\"lazy\" decoding=\"async\" width=\"170\" height=\"170\" src=\"https:\/\/bibliovaud.ch\/wp-content\/uploads\/BebeALaPage-170x170.jpg\" class=\"alignleft post-theming-left wp-post-image\" alt=\"\" srcset=\"https:\/\/bibliovaud.ch\/wp-content\/uploads\/BebeALaPage-170x170.jpg 170w, https:\/\/bibliovaud.ch\/wp-content\/uploads\/BebeALaPage-100x100.jpg 100w\" sizes=\"auto, (max-width: 170px) 85vw, 170px\" \/><\/a>Avec Flora Trivelli\nPour les enfants de 0 \u00e0 3 ans accompagn\u00e9\u00b7e\u00b7s d\u2019un\u00b7e adulte\nNous vous invitons \u00e0 un voyage \u00e0 travers l\u2019imaginaire des livres piment\u00e9 de quelques escales en comptines et chansons. Un \u00e9veil au livre et \u00e0 la musique, mais aussi un moment de lien et de partage avec votre enfant, ainsi que de rencontre avec d\u2019autres familles.\nMusicienne et \u00e9ducatrice de l\u2019enfance, Flora Trivelli adore cr\u00e9er des ponts entre les familles et la musique. Avec B\u00e9b\u00e9 \u00e0 la page et Zig Zag, Flora accueille chaque mois les familles des toutes-petites et tout-petits en chanson.\nPlaces limit\u00e9es \u00e0 50 personnes.\nPar respect pour [...]<div class=\"post-theming-cleared\"> <\/div>","protected":false},"excerpt":{"rendered":"<a href=\"https:\/\/bibliovaud.ch\/?tribe_events=bebe-a-la-page-20\"><img width=\"170\" height=\"170\" src=\"https:\/\/bibliovaud.ch\/wp-content\/uploads\/BebeALaPage-170x170.jpg\" class=\"alignleft post-theming-left wp-post-image\" alt=\"\" decoding=\"async\" loading=\"lazy\" srcset=\"https:\/\/bibliovaud.ch\/wp-content\/uploads\/BebeALaPage-170x170.jpg 170w, https:\/\/bibliovaud.ch\/wp-content\/uploads\/BebeALaPage-100x100.jpg 100w\" sizes=\"auto, (max-width: 170px) 85vw, 170px\" \/><\/a>Avec Flora Trivelli Pour les enfants de 0 \u00e0 3 ans accompagn\u00e9\u00b7e\u00b7s d\u2019un\u00b7e adulte Nous vous invitons \u00e0 un voyage \u00e0 travers l\u2019imaginaire des livres piment\u00e9 de quelques escales en &hellip; Continuer la lecture de &laquo;&nbsp;B\u00e9b\u00e9 \u00e0 la page&nbsp;&raquo;\n<div class=\"post-theming-cleared\"> <\/div>","protected":false},"author":10,"featured_media":15712,"template":"","meta":{"om_disable_all_campaigns":false,"_monsterinsights_skip_tracking":false,"_monsterinsights_sitenote_active":false,"_monsterinsights_sitenote_note":"","_monsterinsights_sitenote_category":0,"_tribe_events_status":"","_tribe_events_status_reason":"","footnotes":""},"tags":[],"tribe_events_cat":[364],"class_list":["post-15716","tribe_events","type-tribe_events","status-publish","has-post-thumbnail","hentry","tribe_events_cat-atelier","cat_atelier"],"aioseo_notices":[],"_links":{"self":[{"href":"https:\/\/bibliovaud.ch\/index.php?rest_route=\/wp\/v2\/tribe_events\/15716","targetHints":{"allow":["GET"]}}],"collection":[{"href":"https:\/\/bibliovaud.ch\/index.php?rest_route=\/wp\/v2\/tribe_events"}],"about":[{"href":"https:\/\/bibliovaud.ch\/index.php?rest_route=\/wp\/v2\/types\/tribe_events"}],"author":[{"embeddable":true,"href":"https:\/\/bibliovaud.ch\/index.php?rest_route=\/wp\/v2\/users\/10"}],"version-history":[{"count":1,"href":"https:\/\/bibliovaud.ch\/index.php?rest_route=\/wp\/v2\/tribe_events\/15716\/revisions"}],"predecessor-version":[{"id":15717,"href":"https:\/\/bibliovaud.ch\/index.php?rest_route=\/wp\/v2\/tribe_events\/15716\/revisions\/15717"}],"wp:featuredmedia":[{"embeddable":true,"href":"https:\/\/bibliovaud.ch\/index.php?rest_route=\/wp\/v2\/media\/15712"}],"wp:attachment":[{"href":"https:\/\/bibliovaud.ch\/index.php?rest_route=%2Fwp%2Fv2%2Fmedia&parent=15716"}],"wp:term":[{"taxonomy":"post_tag","embeddable":true,"href":"https:\/\/bibliovaud.ch\/index.php?rest_route=%2Fwp%2Fv2%2Ftags&post=15716"},{"taxonomy":"tribe_events_cat","embeddable":true,"href":"https:\/\/bibliovaud.ch\/index.php?rest_route=%2Fwp%2Fv2%2Ftribe_events_cat&post=15716"}],"curies":[{"name":"wp","href":"https:\/\/api.w.org\/{rel}","templated":true}]}}