{"id":15838,"date":"2024-12-11T10:24:49","date_gmt":"2024-12-11T09:24:49","guid":{"rendered":"https:\/\/bibliovaud.ch\/?post_type=tribe_events&#038;p=15838"},"modified":"2024-12-11T10:24:49","modified_gmt":"2024-12-11T09:24:49","slug":"a-voix-haute-lectures-inclusive","status":"publish","type":"tribe_events","link":"https:\/\/bibliovaud.ch\/?tribe_events=a-voix-haute-lectures-inclusive","title":{"rendered":"\u00c0 voix haute : lectures inclusive"},"content":{"rendered":"<a href=\"https:\/\/bibliovaud.ch\/?tribe_events=a-voix-haute-lectures-inclusive\"><img loading=\"lazy\" decoding=\"async\" width=\"170\" height=\"170\" src=\"https:\/\/bibliovaud.ch\/wp-content\/uploads\/14-2-170x170.jpg\" class=\"alignleft post-theming-left wp-post-image\" alt=\"\" srcset=\"https:\/\/bibliovaud.ch\/wp-content\/uploads\/14-2-170x170.jpg 170w, https:\/\/bibliovaud.ch\/wp-content\/uploads\/14-2-100x100.jpg 100w\" sizes=\"auto, (max-width: 170px) 85vw, 170px\" \/><\/a>Avec C\u00e9line Witschard, Alex Bernier et Romaine Girod\nInterpr\u00e8te LSF : Lorette Gervaix\nQuand nous avons propos\u00e9 \u00e0 C\u00e9line Witschard d&#8217;organiser une s\u00e9ance de lecture dans le noir, elle nous a r\u00e9pondu : \u00ab C&#8217;est tr\u00e8s tendance mais cela ne sert \u00e0 rien aux personnes concern\u00e9es \u00bb. Et si le temps d&#8217;une soir\u00e9e, notre passion pour la lecture nous r\u00e9unissait gr\u00e2ce au handicap ?\nTrois textes issus de deux recueils de nouvelles de Paulette \u00e9ditrice (\u00ab Cuisson au feu de bois \u00bb et \u00ab Goudous o\u00f9 \u00eates-vous ? \u00bb) seront lus \u00e0 voix haute \u00e0 partir du braille et de grands caract\u00e8res. Ils [...]<div class=\"post-theming-cleared\"> <\/div>","protected":false},"excerpt":{"rendered":"<a href=\"https:\/\/bibliovaud.ch\/?tribe_events=a-voix-haute-lectures-inclusive\"><img width=\"170\" height=\"170\" src=\"https:\/\/bibliovaud.ch\/wp-content\/uploads\/14-2-170x170.jpg\" class=\"alignleft post-theming-left wp-post-image\" alt=\"\" decoding=\"async\" loading=\"lazy\" srcset=\"https:\/\/bibliovaud.ch\/wp-content\/uploads\/14-2-170x170.jpg 170w, https:\/\/bibliovaud.ch\/wp-content\/uploads\/14-2-100x100.jpg 100w\" sizes=\"auto, (max-width: 170px) 85vw, 170px\" \/><\/a>Avec C\u00e9line Witschard, Alex Bernier et Romaine Girod Interpr\u00e8te LSF : Lorette Gervaix Quand nous avons propos\u00e9 \u00e0 C\u00e9line Witschard d&#8217;organiser une s\u00e9ance de lecture dans le noir, elle nous &hellip; Continuer la lecture de &laquo;&nbsp;\u00c0 voix haute : lectures inclusive&nbsp;&raquo;\n<div class=\"post-theming-cleared\"> <\/div>","protected":false},"author":10,"featured_media":15839,"template":"","meta":{"om_disable_all_campaigns":false,"_monsterinsights_skip_tracking":false,"_monsterinsights_sitenote_active":false,"_monsterinsights_sitenote_note":"","_monsterinsights_sitenote_category":0,"_tribe_events_status":"","_tribe_events_status_reason":"","footnotes":""},"tags":[],"tribe_events_cat":[459],"class_list":["post-15838","tribe_events","type-tribe_events","status-publish","has-post-thumbnail","hentry","tribe_events_cat-conference","cat_conference"],"aioseo_notices":[],"_links":{"self":[{"href":"https:\/\/bibliovaud.ch\/index.php?rest_route=\/wp\/v2\/tribe_events\/15838","targetHints":{"allow":["GET"]}}],"collection":[{"href":"https:\/\/bibliovaud.ch\/index.php?rest_route=\/wp\/v2\/tribe_events"}],"about":[{"href":"https:\/\/bibliovaud.ch\/index.php?rest_route=\/wp\/v2\/types\/tribe_events"}],"author":[{"embeddable":true,"href":"https:\/\/bibliovaud.ch\/index.php?rest_route=\/wp\/v2\/users\/10"}],"version-history":[{"count":1,"href":"https:\/\/bibliovaud.ch\/index.php?rest_route=\/wp\/v2\/tribe_events\/15838\/revisions"}],"predecessor-version":[{"id":15840,"href":"https:\/\/bibliovaud.ch\/index.php?rest_route=\/wp\/v2\/tribe_events\/15838\/revisions\/15840"}],"wp:featuredmedia":[{"embeddable":true,"href":"https:\/\/bibliovaud.ch\/index.php?rest_route=\/wp\/v2\/media\/15839"}],"wp:attachment":[{"href":"https:\/\/bibliovaud.ch\/index.php?rest_route=%2Fwp%2Fv2%2Fmedia&parent=15838"}],"wp:term":[{"taxonomy":"post_tag","embeddable":true,"href":"https:\/\/bibliovaud.ch\/index.php?rest_route=%2Fwp%2Fv2%2Ftags&post=15838"},{"taxonomy":"tribe_events_cat","embeddable":true,"href":"https:\/\/bibliovaud.ch\/index.php?rest_route=%2Fwp%2Fv2%2Ftribe_events_cat&post=15838"}],"curies":[{"name":"wp","href":"https:\/\/api.w.org\/{rel}","templated":true}]}}