{"id":15872,"date":"2024-12-11T11:52:08","date_gmt":"2024-12-11T10:52:08","guid":{"rendered":"https:\/\/bibliovaud.ch\/?post_type=tribe_events&#038;p=15872"},"modified":"2024-12-11T11:52:08","modified_gmt":"2024-12-11T10:52:08","slug":"la-suisse-est-elle-handi-friendly","status":"publish","type":"tribe_events","link":"https:\/\/bibliovaud.ch\/?tribe_events=la-suisse-est-elle-handi-friendly","title":{"rendered":"La Suisse est-elle &#8220;handi-friendly&#8221; ?"},"content":{"rendered":"<a href=\"https:\/\/bibliovaud.ch\/?tribe_events=la-suisse-est-elle-handi-friendly\"><img loading=\"lazy\" decoding=\"async\" width=\"170\" height=\"170\" src=\"https:\/\/bibliovaud.ch\/wp-content\/uploads\/20-2-170x170.jpg\" class=\"alignleft post-theming-left wp-post-image\" alt=\"\" srcset=\"https:\/\/bibliovaud.ch\/wp-content\/uploads\/20-2-170x170.jpg 170w, https:\/\/bibliovaud.ch\/wp-content\/uploads\/20-2-100x100.jpg 100w\" sizes=\"auto, (max-width: 170px) 85vw, 170px\" \/><\/a>Table ronde\nAvec Delphine Quach, Malick Reinhard, Olivier Zimmermann et Nicole Grieve\nMod\u00e9ration: C\u00e9line Witschard\nInterpr\u00e8tes LSF: Lorette Gervaix et M\u00e9lanie Monnard\nComment vit-on avec un handicap en Suisse aujourd&#8217;hui ? Et si on posait la question \u00e0 des personnes concern\u00e9es ? On vous l&#8217;annonce d\u00e9j\u00e0, une table ronde \u00e0 ne pas manquer !\nLe journaliste lausannois Malick Reinhard est fondateur d&#8217;un magazine culturel, producteur \u00e9ditorial et animateur de podcasts. Il collabore \u00e9galement avec divers m\u00e9dias suisses, tels que Le Temps, 24 heures ou la RTS. N\u00e9 avec une maladie g\u00e9n\u00e9tique rare, Malick cherche notamment \u00e0 renforcer et \u00ab normaliser \u00bb le d\u00e9bat sur les [...]<div class=\"post-theming-cleared\"> <\/div>","protected":false},"excerpt":{"rendered":"<a href=\"https:\/\/bibliovaud.ch\/?tribe_events=la-suisse-est-elle-handi-friendly\"><img width=\"170\" height=\"170\" src=\"https:\/\/bibliovaud.ch\/wp-content\/uploads\/20-2-170x170.jpg\" class=\"alignleft post-theming-left wp-post-image\" alt=\"\" decoding=\"async\" loading=\"lazy\" srcset=\"https:\/\/bibliovaud.ch\/wp-content\/uploads\/20-2-170x170.jpg 170w, https:\/\/bibliovaud.ch\/wp-content\/uploads\/20-2-100x100.jpg 100w\" sizes=\"auto, (max-width: 170px) 85vw, 170px\" \/><\/a>Table ronde Avec Delphine Quach, Malick Reinhard, Olivier Zimmermann et Nicole Grieve Mod\u00e9ration: C\u00e9line Witschard Interpr\u00e8tes LSF: Lorette Gervaix et M\u00e9lanie Monnard Comment vit-on avec un handicap en Suisse aujourd&#8217;hui &hellip; Continuer la lecture de &laquo;&nbsp;La Suisse est-elle &#8220;handi-friendly&#8221; ?&nbsp;&raquo;\n<div class=\"post-theming-cleared\"> <\/div>","protected":false},"author":10,"featured_media":15873,"template":"","meta":{"om_disable_all_campaigns":false,"_monsterinsights_skip_tracking":false,"_monsterinsights_sitenote_active":false,"_monsterinsights_sitenote_note":"","_monsterinsights_sitenote_category":0,"_tribe_events_status":"","_tribe_events_status_reason":"","footnotes":""},"tags":[],"tribe_events_cat":[459],"class_list":["post-15872","tribe_events","type-tribe_events","status-publish","has-post-thumbnail","hentry","tribe_events_cat-conference","cat_conference"],"aioseo_notices":[],"_links":{"self":[{"href":"https:\/\/bibliovaud.ch\/index.php?rest_route=\/wp\/v2\/tribe_events\/15872","targetHints":{"allow":["GET"]}}],"collection":[{"href":"https:\/\/bibliovaud.ch\/index.php?rest_route=\/wp\/v2\/tribe_events"}],"about":[{"href":"https:\/\/bibliovaud.ch\/index.php?rest_route=\/wp\/v2\/types\/tribe_events"}],"author":[{"embeddable":true,"href":"https:\/\/bibliovaud.ch\/index.php?rest_route=\/wp\/v2\/users\/10"}],"version-history":[{"count":2,"href":"https:\/\/bibliovaud.ch\/index.php?rest_route=\/wp\/v2\/tribe_events\/15872\/revisions"}],"predecessor-version":[{"id":15875,"href":"https:\/\/bibliovaud.ch\/index.php?rest_route=\/wp\/v2\/tribe_events\/15872\/revisions\/15875"}],"wp:featuredmedia":[{"embeddable":true,"href":"https:\/\/bibliovaud.ch\/index.php?rest_route=\/wp\/v2\/media\/15873"}],"wp:attachment":[{"href":"https:\/\/bibliovaud.ch\/index.php?rest_route=%2Fwp%2Fv2%2Fmedia&parent=15872"}],"wp:term":[{"taxonomy":"post_tag","embeddable":true,"href":"https:\/\/bibliovaud.ch\/index.php?rest_route=%2Fwp%2Fv2%2Ftags&post=15872"},{"taxonomy":"tribe_events_cat","embeddable":true,"href":"https:\/\/bibliovaud.ch\/index.php?rest_route=%2Fwp%2Fv2%2Ftribe_events_cat&post=15872"}],"curies":[{"name":"wp","href":"https:\/\/api.w.org\/{rel}","templated":true}]}}