{"id":15879,"date":"2024-12-11T11:59:48","date_gmt":"2024-12-11T10:59:48","guid":{"rendered":"https:\/\/bibliovaud.ch\/?post_type=tribe_events&#038;p=15879"},"modified":"2024-12-11T11:59:48","modified_gmt":"2024-12-11T10:59:48","slug":"bang","status":"publish","type":"tribe_events","link":"https:\/\/bibliovaud.ch\/?tribe_events=bang","title":{"rendered":"Bang !"},"content":{"rendered":"<a href=\"https:\/\/bibliovaud.ch\/?tribe_events=bang\"><img loading=\"lazy\" decoding=\"async\" width=\"170\" height=\"170\" src=\"https:\/\/bibliovaud.ch\/wp-content\/uploads\/22-2-170x170.jpg\" class=\"alignleft post-theming-left wp-post-image\" alt=\"\" srcset=\"https:\/\/bibliovaud.ch\/wp-content\/uploads\/22-2-170x170.jpg 170w, https:\/\/bibliovaud.ch\/wp-content\/uploads\/22-2-100x100.jpg 100w\" sizes=\"auto, (max-width: 170px) 85vw, 170px\" \/><\/a>Spectacle\u00a0\nPour adultes et enfants d\u00e8s 6 ans accompagn\u00e9s d&#8217;un adulte\nEdm\u00e9e Fleury travaille depuis quelques ann\u00e9es pour la compagnie de l&#8217;Au-de l&#8217;Astre, compagnie qui cr\u00e9e des spectacles avec des com\u00e9dien\u00b7ne\u00b7s en situation de handicap mental.\nDans ce nouveau spectacle, elle a eu l&#8217;envie d&#8217;engager dans sa propre compagnie quelques-uns de ces com\u00e9diens, Christophe Corpataux, Dylan Fardel et Vincent Dunner. Aguerris \u00e0 la sc\u00e8ne et passionn\u00e9s par le jeu, com\u00e9diens si particuliers \u00e0 la cr\u00e9ativit\u00e9 unique, ils partagent leur passion avec un autre com\u00e9dien, Yves Jenny, qui arpente les sc\u00e8nes professionnelles depuis plus de 30 ans.\nEt Bang ! Le choc des langues, des [...]<div class=\"post-theming-cleared\"> <\/div>","protected":false},"excerpt":{"rendered":"<a href=\"https:\/\/bibliovaud.ch\/?tribe_events=bang\"><img width=\"170\" height=\"170\" src=\"https:\/\/bibliovaud.ch\/wp-content\/uploads\/22-2-170x170.jpg\" class=\"alignleft post-theming-left wp-post-image\" alt=\"\" decoding=\"async\" loading=\"lazy\" srcset=\"https:\/\/bibliovaud.ch\/wp-content\/uploads\/22-2-170x170.jpg 170w, https:\/\/bibliovaud.ch\/wp-content\/uploads\/22-2-100x100.jpg 100w\" sizes=\"auto, (max-width: 170px) 85vw, 170px\" \/><\/a>Spectacle\u00a0 Pour adultes et enfants d\u00e8s 6 ans accompagn\u00e9s d&#8217;un adulte Edm\u00e9e Fleury travaille depuis quelques ann\u00e9es pour la compagnie de l&#8217;Au-de l&#8217;Astre, compagnie qui cr\u00e9e des spectacles avec des &hellip; Continuer la lecture de &laquo;&nbsp;Bang !&nbsp;&raquo;\n<div class=\"post-theming-cleared\"> <\/div>","protected":false},"author":10,"featured_media":15880,"template":"","meta":{"om_disable_all_campaigns":false,"_monsterinsights_skip_tracking":false,"_monsterinsights_sitenote_active":false,"_monsterinsights_sitenote_note":"","_monsterinsights_sitenote_category":0,"_tribe_events_status":"","_tribe_events_status_reason":"","footnotes":""},"tags":[],"tribe_events_cat":[507],"class_list":["post-15879","tribe_events","type-tribe_events","status-publish","has-post-thumbnail","hentry","tribe_events_cat-spectacle","cat_spectacle"],"aioseo_notices":[],"_links":{"self":[{"href":"https:\/\/bibliovaud.ch\/index.php?rest_route=\/wp\/v2\/tribe_events\/15879","targetHints":{"allow":["GET"]}}],"collection":[{"href":"https:\/\/bibliovaud.ch\/index.php?rest_route=\/wp\/v2\/tribe_events"}],"about":[{"href":"https:\/\/bibliovaud.ch\/index.php?rest_route=\/wp\/v2\/types\/tribe_events"}],"author":[{"embeddable":true,"href":"https:\/\/bibliovaud.ch\/index.php?rest_route=\/wp\/v2\/users\/10"}],"version-history":[{"count":1,"href":"https:\/\/bibliovaud.ch\/index.php?rest_route=\/wp\/v2\/tribe_events\/15879\/revisions"}],"predecessor-version":[{"id":15881,"href":"https:\/\/bibliovaud.ch\/index.php?rest_route=\/wp\/v2\/tribe_events\/15879\/revisions\/15881"}],"wp:featuredmedia":[{"embeddable":true,"href":"https:\/\/bibliovaud.ch\/index.php?rest_route=\/wp\/v2\/media\/15880"}],"wp:attachment":[{"href":"https:\/\/bibliovaud.ch\/index.php?rest_route=%2Fwp%2Fv2%2Fmedia&parent=15879"}],"wp:term":[{"taxonomy":"post_tag","embeddable":true,"href":"https:\/\/bibliovaud.ch\/index.php?rest_route=%2Fwp%2Fv2%2Ftags&post=15879"},{"taxonomy":"tribe_events_cat","embeddable":true,"href":"https:\/\/bibliovaud.ch\/index.php?rest_route=%2Fwp%2Fv2%2Ftribe_events_cat&post=15879"}],"curies":[{"name":"wp","href":"https:\/\/api.w.org\/{rel}","templated":true}]}}