{"id":15939,"date":"2024-12-11T12:40:24","date_gmt":"2024-12-11T11:40:24","guid":{"rendered":"https:\/\/bibliovaud.ch\/?post_type=tribe_events&#038;p=15939"},"modified":"2024-12-11T12:40:24","modified_gmt":"2024-12-11T11:40:24","slug":"concert-canta-riviera","status":"publish","type":"tribe_events","link":"https:\/\/bibliovaud.ch\/?tribe_events=concert-canta-riviera","title":{"rendered":"Concert Canta Riviera"},"content":{"rendered":"<a href=\"https:\/\/bibliovaud.ch\/?tribe_events=concert-canta-riviera\"><img loading=\"lazy\" decoding=\"async\" width=\"170\" height=\"170\" src=\"https:\/\/bibliovaud.ch\/wp-content\/uploads\/39-170x170.jpg\" class=\"alignleft post-theming-left wp-post-image\" alt=\"\" srcset=\"https:\/\/bibliovaud.ch\/wp-content\/uploads\/39-170x170.jpg 170w, https:\/\/bibliovaud.ch\/wp-content\/uploads\/39-100x100.jpg 100w\" sizes=\"auto, (max-width: 170px) 85vw, 170px\" \/><\/a>Concert\nTout public\nC&#8217;est le dernier jour avant la fermeture de la Biblio pour les F\u00eates ! On c\u00e9l\u00e8bre cette occasion avec Canta Riviera, le ch\u0153ur de jeunes de la r\u00e9gion !\nDans la Riviera vaudoise, les ch\u0153urs sont nombreux et couvrent des r\u00e9pertoires vari\u00e9s, mais aucun d\u2019entre eux ne cible des choristes adolescent\u00b7e\u00b7s ou jeunes adultes. C\u2019est de cette envie que na\u00eet, en 2023, le ch\u0153ur Canta Riviera destin\u00e9 aux jeunes entre 15 et 30 ans, sous la direction de Lydiane de Graffenried.\nLydiane de Graffenried est une jeune musicienne, cheffe de ch\u0153ur et musicologue vaudoise. Apr\u00e8s ses \u00e9tudes \u00e0 la Haute Ecole [...]<div class=\"post-theming-cleared\"> <\/div>","protected":false},"excerpt":{"rendered":"<a href=\"https:\/\/bibliovaud.ch\/?tribe_events=concert-canta-riviera\"><img width=\"170\" height=\"170\" src=\"https:\/\/bibliovaud.ch\/wp-content\/uploads\/39-170x170.jpg\" class=\"alignleft post-theming-left wp-post-image\" alt=\"\" decoding=\"async\" loading=\"lazy\" srcset=\"https:\/\/bibliovaud.ch\/wp-content\/uploads\/39-170x170.jpg 170w, https:\/\/bibliovaud.ch\/wp-content\/uploads\/39-100x100.jpg 100w\" sizes=\"auto, (max-width: 170px) 85vw, 170px\" \/><\/a>Concert Tout public C&#8217;est le dernier jour avant la fermeture de la Biblio pour les F\u00eates ! On c\u00e9l\u00e8bre cette occasion avec Canta Riviera, le ch\u0153ur de jeunes de la &hellip; Continuer la lecture de &laquo;&nbsp;Concert Canta Riviera&nbsp;&raquo;\n<div class=\"post-theming-cleared\"> <\/div>","protected":false},"author":10,"featured_media":15940,"template":"","meta":{"om_disable_all_campaigns":false,"_monsterinsights_skip_tracking":false,"_monsterinsights_sitenote_active":false,"_monsterinsights_sitenote_note":"","_monsterinsights_sitenote_category":0,"_tribe_events_status":"","_tribe_events_status_reason":"","footnotes":""},"tags":[],"tribe_events_cat":[508],"class_list":["post-15939","tribe_events","type-tribe_events","status-publish","has-post-thumbnail","hentry","tribe_events_cat-concert","cat_concert"],"aioseo_notices":[],"_links":{"self":[{"href":"https:\/\/bibliovaud.ch\/index.php?rest_route=\/wp\/v2\/tribe_events\/15939","targetHints":{"allow":["GET"]}}],"collection":[{"href":"https:\/\/bibliovaud.ch\/index.php?rest_route=\/wp\/v2\/tribe_events"}],"about":[{"href":"https:\/\/bibliovaud.ch\/index.php?rest_route=\/wp\/v2\/types\/tribe_events"}],"author":[{"embeddable":true,"href":"https:\/\/bibliovaud.ch\/index.php?rest_route=\/wp\/v2\/users\/10"}],"version-history":[{"count":1,"href":"https:\/\/bibliovaud.ch\/index.php?rest_route=\/wp\/v2\/tribe_events\/15939\/revisions"}],"predecessor-version":[{"id":15941,"href":"https:\/\/bibliovaud.ch\/index.php?rest_route=\/wp\/v2\/tribe_events\/15939\/revisions\/15941"}],"wp:featuredmedia":[{"embeddable":true,"href":"https:\/\/bibliovaud.ch\/index.php?rest_route=\/wp\/v2\/media\/15940"}],"wp:attachment":[{"href":"https:\/\/bibliovaud.ch\/index.php?rest_route=%2Fwp%2Fv2%2Fmedia&parent=15939"}],"wp:term":[{"taxonomy":"post_tag","embeddable":true,"href":"https:\/\/bibliovaud.ch\/index.php?rest_route=%2Fwp%2Fv2%2Ftags&post=15939"},{"taxonomy":"tribe_events_cat","embeddable":true,"href":"https:\/\/bibliovaud.ch\/index.php?rest_route=%2Fwp%2Fv2%2Ftribe_events_cat&post=15939"}],"curies":[{"name":"wp","href":"https:\/\/api.w.org\/{rel}","templated":true}]}}