{"id":15991,"date":"2025-02-18T11:45:46","date_gmt":"2025-02-18T10:45:46","guid":{"rendered":"https:\/\/bibliovaud.ch\/?post_type=tribe_events&#038;p=15991"},"modified":"2025-02-18T11:45:46","modified_gmt":"2025-02-18T10:45:46","slug":"biblioweekend-le-labyrinthe-cache-de-la-bibliotheque","status":"publish","type":"tribe_events","link":"https:\/\/bibliovaud.ch\/?tribe_events=biblioweekend-le-labyrinthe-cache-de-la-bibliotheque","title":{"rendered":"BiblioWeekend &#8211; Le labyrinthe cach\u00e9 de la biblioth\u00e8que"},"content":{"rendered":" Laurent Dubois \u00a9 BCU Lausanne\nPartez \u00e0 la d\u00e9couverte de nos sous-sols en compagnie de biblioth\u00e9caires passion\u00e9\u00b7e\u00b7s.\nD\u00e9part des visites guid\u00e9es \u00e0 14h, 15h &amp; 16h\nEntr\u00e9e libre dans la limite des places disponible\nTout public\nEn raison des travaux sur la place de la Riponne, l\u2019acc\u00e8s au Palais de Rumine est modifi\u00e9. Un plan des nouveaux acc\u00e8s est disponible sur le site de la ville de Lausanne.\n<div class=\"post-theming-cleared\"> <\/div>","protected":false},"excerpt":{"rendered":"Partez \u00e0 la d\u00e9couverte de nos sous-sols en compagnie de biblioth\u00e9caires passion\u00e9\u00b7e\u00b7s. D\u00e9part des visites guid\u00e9es \u00e0 14h, 15h &amp; 16h Entr\u00e9e libre dans la limite des places disponible Tout &hellip; Continuer la lecture de &laquo;&nbsp;BiblioWeekend &#8211; Le labyrinthe cach\u00e9 de la biblioth\u00e8que&nbsp;&raquo;\n<div class=\"post-theming-cleared\"> <\/div>","protected":false},"author":56,"featured_media":0,"template":"","meta":{"om_disable_all_campaigns":false,"_monsterinsights_skip_tracking":false,"_monsterinsights_sitenote_active":false,"_monsterinsights_sitenote_note":"","_monsterinsights_sitenote_category":0,"_tribe_events_status":"","_tribe_events_status_reason":"","footnotes":""},"tags":[],"tribe_events_cat":[510],"class_list":["post-15991","tribe_events","type-tribe_events","status-publish","hentry","tribe_events_cat-biblioweekend","cat_biblioweekend"],"aioseo_notices":[],"_links":{"self":[{"href":"https:\/\/bibliovaud.ch\/index.php?rest_route=\/wp\/v2\/tribe_events\/15991","targetHints":{"allow":["GET"]}}],"collection":[{"href":"https:\/\/bibliovaud.ch\/index.php?rest_route=\/wp\/v2\/tribe_events"}],"about":[{"href":"https:\/\/bibliovaud.ch\/index.php?rest_route=\/wp\/v2\/types\/tribe_events"}],"author":[{"embeddable":true,"href":"https:\/\/bibliovaud.ch\/index.php?rest_route=\/wp\/v2\/users\/56"}],"version-history":[{"count":1,"href":"https:\/\/bibliovaud.ch\/index.php?rest_route=\/wp\/v2\/tribe_events\/15991\/revisions"}],"predecessor-version":[{"id":15994,"href":"https:\/\/bibliovaud.ch\/index.php?rest_route=\/wp\/v2\/tribe_events\/15991\/revisions\/15994"}],"wp:attachment":[{"href":"https:\/\/bibliovaud.ch\/index.php?rest_route=%2Fwp%2Fv2%2Fmedia&parent=15991"}],"wp:term":[{"taxonomy":"post_tag","embeddable":true,"href":"https:\/\/bibliovaud.ch\/index.php?rest_route=%2Fwp%2Fv2%2Ftags&post=15991"},{"taxonomy":"tribe_events_cat","embeddable":true,"href":"https:\/\/bibliovaud.ch\/index.php?rest_route=%2Fwp%2Fv2%2Ftribe_events_cat&post=15991"}],"curies":[{"name":"wp","href":"https:\/\/api.w.org\/{rel}","templated":true}]}}