{"id":16008,"date":"2025-03-11T13:40:42","date_gmt":"2025-03-11T12:40:42","guid":{"rendered":"https:\/\/bibliovaud.ch\/?post_type=tribe_events&#038;p=16008"},"modified":"2025-03-11T13:40:42","modified_gmt":"2025-03-11T12:40:42","slug":"lecofeminisme-en-defense-des-animaux-myriam-bahaffou","status":"publish","type":"tribe_events","link":"https:\/\/bibliovaud.ch\/?tribe_events=lecofeminisme-en-defense-des-animaux-myriam-bahaffou","title":{"rendered":"\u00ab L\u2019\u00e9cof\u00e9minisme en d\u00e9fense des animaux \u00bb, Myriam Bahaffou"},"content":{"rendered":"Conf\u00e9rence\n \u00a9 Fanny Micha\u00eblis\nDu lait, du sang et des luttes\nDans cette conf\u00e9rence, Myriam Bahaffou introduit l\u2019histoire du mouvement \u00e9cof\u00e9ministe v\u00e9gane \u00e0 travers la pr\u00e9sentation du livre L\u2019\u00e9cof\u00e9minisme en d\u00e9fense des animaux, paru en octobre 2024 aux \u00e9ditions Cambourakis. Elle apporte des \u00e9l\u00e9ments de compr\u00e9hension d\u2019un antisp\u00e9cisme intersectionnel, en interrogeant notamment les biais patriarcaux et racistes qui structurent une large partie de l\u2019\u00e9thique animale, d\u00e9j\u00e0 d\u00e9nonc\u00e9s en 1990 par les \u00e9cof\u00e9ministes v\u00e9ganes. Il s\u2019agit de cadrer cette r\u00e9flexion sous un angle post-humaniste afin de comprendre comment la d\u00e9finition de l\u2019humain\u00b7e est probl\u00e9matique, perp\u00e9tuant une violence pour l\u2019ensemble des [...]<div class=\"post-theming-cleared\"> <\/div>","protected":false},"excerpt":{"rendered":"Conf\u00e9rence Du lait, du sang et des luttes Dans cette conf\u00e9rence, Myriam Bahaffou introduit l\u2019histoire du mouvement \u00e9cof\u00e9ministe v\u00e9gane \u00e0 travers la pr\u00e9sentation du livre L\u2019\u00e9cof\u00e9minisme en d\u00e9fense des animaux, &hellip; Continuer la lecture de &laquo;&nbsp;\u00ab L\u2019\u00e9cof\u00e9minisme en d\u00e9fense des animaux \u00bb, Myriam Bahaffou&nbsp;&raquo;\n<div class=\"post-theming-cleared\"> <\/div>","protected":false},"author":56,"featured_media":0,"template":"","meta":{"om_disable_all_campaigns":false,"_monsterinsights_skip_tracking":false,"_monsterinsights_sitenote_active":false,"_monsterinsights_sitenote_note":"","_monsterinsights_sitenote_category":0,"_tribe_events_status":"","_tribe_events_status_reason":"","footnotes":""},"tags":[],"tribe_events_cat":[459],"class_list":["post-16008","tribe_events","type-tribe_events","status-publish","hentry","tribe_events_cat-conference","cat_conference"],"aioseo_notices":[],"_links":{"self":[{"href":"https:\/\/bibliovaud.ch\/index.php?rest_route=\/wp\/v2\/tribe_events\/16008","targetHints":{"allow":["GET"]}}],"collection":[{"href":"https:\/\/bibliovaud.ch\/index.php?rest_route=\/wp\/v2\/tribe_events"}],"about":[{"href":"https:\/\/bibliovaud.ch\/index.php?rest_route=\/wp\/v2\/types\/tribe_events"}],"author":[{"embeddable":true,"href":"https:\/\/bibliovaud.ch\/index.php?rest_route=\/wp\/v2\/users\/56"}],"version-history":[{"count":1,"href":"https:\/\/bibliovaud.ch\/index.php?rest_route=\/wp\/v2\/tribe_events\/16008\/revisions"}],"predecessor-version":[{"id":16010,"href":"https:\/\/bibliovaud.ch\/index.php?rest_route=\/wp\/v2\/tribe_events\/16008\/revisions\/16010"}],"wp:attachment":[{"href":"https:\/\/bibliovaud.ch\/index.php?rest_route=%2Fwp%2Fv2%2Fmedia&parent=16008"}],"wp:term":[{"taxonomy":"post_tag","embeddable":true,"href":"https:\/\/bibliovaud.ch\/index.php?rest_route=%2Fwp%2Fv2%2Ftags&post=16008"},{"taxonomy":"tribe_events_cat","embeddable":true,"href":"https:\/\/bibliovaud.ch\/index.php?rest_route=%2Fwp%2Fv2%2Ftribe_events_cat&post=16008"}],"curies":[{"name":"wp","href":"https:\/\/api.w.org\/{rel}","templated":true}]}}