{"id":16011,"date":"2025-03-11T13:52:32","date_gmt":"2025-03-11T12:52:32","guid":{"rendered":"https:\/\/bibliovaud.ch\/?post_type=tribe_events&#038;p=16011"},"modified":"2025-03-11T13:52:32","modified_gmt":"2025-03-11T12:52:32","slug":"projection-le-regne-animal-de-thomas-cailley","status":"publish","type":"tribe_events","link":"https:\/\/bibliovaud.ch\/?tribe_events=projection-le-regne-animal-de-thomas-cailley","title":{"rendered":"Projection \u00ab Le R\u00e8gne animal \u00bb de Thomas Cailley"},"content":{"rendered":" Le R\u00e8gne animal \u00a9 Nord-Ouest Films | StudioCanal | France 2 Cin\u00e9ma \u2013 Art\u00e9mis Productions\nElle est d\u2019ailleurs.\nDans un monde en proie \u00e0 une vague de mutations qui transforment peu \u00e0 peu certains humains en animaux, Fran\u00e7ois fait tout pour sauver sa femme, touch\u00e9e par ce ph\u00e9nom\u00e8ne myst\u00e9rieux. Alors que la r\u00e9gion se peuple de cr\u00e9atures d\u2019un nouveau genre, il embarque \u00c9mile, leur fils de 16 ans, dans une qu\u00eate qui bouleversera \u00e0 jamais leur existence.\nLa projection sera suivie d\u2019une rencontre avec Thomas Cailley.\nProjection et rencontre propos\u00e9es dans le cadre du Festival Histoire et Cit\u00e9 co-organis\u00e9 \u00e0 [...]<div class=\"post-theming-cleared\"> <\/div>","protected":false},"excerpt":{"rendered":"Elle est d\u2019ailleurs. Dans un monde en proie \u00e0 une vague de mutations qui transforment peu \u00e0 peu certains humains en animaux, Fran\u00e7ois fait tout pour sauver sa femme, touch\u00e9e &hellip; Continuer la lecture de &laquo;&nbsp;Projection \u00ab Le R\u00e8gne animal \u00bb de Thomas Cailley&nbsp;&raquo;\n<div class=\"post-theming-cleared\"> <\/div>","protected":false},"author":56,"featured_media":0,"template":"","meta":{"om_disable_all_campaigns":false,"_monsterinsights_skip_tracking":false,"_monsterinsights_sitenote_active":false,"_monsterinsights_sitenote_note":"","_monsterinsights_sitenote_category":0,"_tribe_events_status":"","_tribe_events_status_reason":"","footnotes":""},"tags":[],"tribe_events_cat":[367],"class_list":["post-16011","tribe_events","type-tribe_events","status-publish","hentry","tribe_events_cat-projection-de-film","cat_projection-de-film"],"aioseo_notices":[],"_links":{"self":[{"href":"https:\/\/bibliovaud.ch\/index.php?rest_route=\/wp\/v2\/tribe_events\/16011","targetHints":{"allow":["GET"]}}],"collection":[{"href":"https:\/\/bibliovaud.ch\/index.php?rest_route=\/wp\/v2\/tribe_events"}],"about":[{"href":"https:\/\/bibliovaud.ch\/index.php?rest_route=\/wp\/v2\/types\/tribe_events"}],"author":[{"embeddable":true,"href":"https:\/\/bibliovaud.ch\/index.php?rest_route=\/wp\/v2\/users\/56"}],"version-history":[{"count":2,"href":"https:\/\/bibliovaud.ch\/index.php?rest_route=\/wp\/v2\/tribe_events\/16011\/revisions"}],"predecessor-version":[{"id":16014,"href":"https:\/\/bibliovaud.ch\/index.php?rest_route=\/wp\/v2\/tribe_events\/16011\/revisions\/16014"}],"wp:attachment":[{"href":"https:\/\/bibliovaud.ch\/index.php?rest_route=%2Fwp%2Fv2%2Fmedia&parent=16011"}],"wp:term":[{"taxonomy":"post_tag","embeddable":true,"href":"https:\/\/bibliovaud.ch\/index.php?rest_route=%2Fwp%2Fv2%2Ftags&post=16011"},{"taxonomy":"tribe_events_cat","embeddable":true,"href":"https:\/\/bibliovaud.ch\/index.php?rest_route=%2Fwp%2Fv2%2Ftribe_events_cat&post=16011"}],"curies":[{"name":"wp","href":"https:\/\/api.w.org\/{rel}","templated":true}]}}